{"id":92,"date":"2021-01-15T11:14:40","date_gmt":"2021-01-15T10:14:40","guid":{"rendered":"https:\/\/psy-trouble-borderline.fr\/?page_id=92"},"modified":"2023-10-11T13:23:36","modified_gmt":"2023-10-11T11:23:36","slug":"le-trouble-de-la-personnalite-borderline","status":"publish","type":"page","link":"https:\/\/psy-trouble-borderline.fr\/index.php\/le-trouble-de-la-personnalite-borderline\/","title":{"rendered":"Le trouble de la personnalit\u00e9 Borderline"},"content":{"rendered":"\n<h2 class=\"wp-block-heading has-text-align-center\">Rendez-vous sur mon nouveau site : <a href=\"http:\/\/psychologue-borderline.fr\">psychologue-borderline.fr<\/a><\/h2>\n\n\n\n<p class=\"has-text-align-center has-dark-gray-color has-text-color\">Le trouble de la personnalit\u00e9 Borderline  repr\u00e9sente entre 2 et 4 % de la population g\u00e9n\u00e9rale. C&rsquo;est le trouble de la personnalit\u00e9 le plus fr\u00e9quemment rencontr\u00e9.  Il demeure cependant l&rsquo;un des plus complexes \u00e0 diagnostiquer. <\/p>\n\n\n\n<p class=\"has-text-align-center has-dark-gray-color has-text-color\">La pluralit\u00e9 des sympt\u00f4mes et des comorbidit\u00e9s associ\u00e9es (addiction, TDAH, trouble alimentaire, trouble de l&rsquo;humeur&#8230; etc.) rendent le diagnostic difficile \u00e0 poser. <\/p>\n\n\n\n<p class=\"has-text-align-center has-dark-gray-color has-text-color\">En France, les prises en charge th\u00e9rapeutiques propos\u00e9es \u00e9voluent (TCD, TBM) mais nous manquons encore de suivis adapt\u00e9s. Or, la gravit\u00e9 du TPB demeure avant tout dans les dangers r\u00e9els et les dommages qu\u2019il fait encourir \u00e0 la personne qui en est atteinte, bien souvent encline \u00e0 des comportements h\u00e9t\u00e9rodestructeurs (col\u00e8re, insulte, humiliation), mais surtout \u00e0 des comportements autodestructeurs (automutilation et tentatives de suicide). <\/p>\n\n\n\n<p class=\"has-text-align-center has-dark-gray-color has-text-color\"><strong>Il est donc fondamental pour les personnes de se diriger vers une approche th\u00e9rapeutique adapt\u00e9e \u00e0 la prise en charge du TPB car avec un suivi r\u00e9gulier et du temps, les sympt\u00f4mes se stabilisent.<\/strong><\/p>\n\n\n\n<hr class=\"wp-block-separator has-alpha-channel-opacity is-style-wide\"\/>\n\n\n\n<h2 class=\"wp-block-heading has-text-align-center has-blue-gray-color has-text-color has-medium-font-size\"><strong>Crit\u00e8res diagnostiques de la personnalit\u00e9 Borderline (DSM-V)<\/strong><\/h2>\n\n\n\n<p class=\"has-blue-gray-color has-text-color\">Mode g\u00e9n\u00e9ral d\u2019instabilit\u00e9 des relations interpersonnelles, de l\u2019image de soi et des affects avec une impulsivit\u00e9 marqu\u00e9e, des prises de risque, qui apparait au d\u00e9but de l\u2019\u00e2ge adulte et est pr\u00e9sent dans des contextes divers, comme en t\u00e9moignent 5 des manifestations suivantes&nbsp;:<\/p>\n\n\n\n<ol class=\"has-blue-gray-color has-text-color\">\n<li>Efforts effr\u00e9n\u00e9s pour \u00e9viter les <strong>abandons<\/strong> r\u00e9els o\u00f9 imagin\u00e9s<\/li>\n\n\n\n<li>Mode de relations interpersonnelles <strong>instable<\/strong> et <strong>intense<\/strong> caract\u00e9ris\u00e9e par l&rsquo;alternance entre positions extr\u00eames <strong>d&rsquo;id\u00e9alisation<\/strong> <strong>excessive<\/strong> et de <strong>d\u00e9valorisation<\/strong><\/li>\n\n\n\n<li><strong>Perturbation de l&rsquo;identit\u00e9&nbsp;: <\/strong>instabilit\u00e9 marqu\u00e9e et persistante de l&rsquo;image ou de la notion de soi<\/li>\n\n\n\n<li><strong>Impulsivit\u00e9<\/strong> dans au moins <strong>deux domaines<\/strong> potentiellement dommageables pour le sujet ( ex&nbsp;: d\u00e9penses, sexualit\u00e9, d\u00e9pendance, crise de boulimie, conduite dangereuse et prise de risque)<\/li>\n\n\n\n<li>R\u00e9p\u00e9tition de <strong>comportements dommageables<\/strong>, de <strong>gestes<\/strong> ou de <strong>menaces<\/strong> <strong>suicidaires<\/strong> ou automutilations<\/li>\n\n\n\n<li><strong>Instabilit\u00e9 affective <\/strong>due \u00e0 une r\u00e9activ\u00e9 marqu\u00e9e de l\u2019humeur (ex&nbsp;: dysphorie \u00e9pisodique intense, irritabilit\u00e9 ou anxi\u00e9t\u00e9 durant quelques heures et rarement plus de quelques jours)<\/li>\n\n\n\n<li><strong>Sentiment chronique de vide<\/strong><\/li>\n\n\n\n<li><strong>Col\u00e8res<\/strong> intenses et inappropri\u00e9es ou <strong>difficult\u00e9s \u00e0 contr\u00f4ler sa col\u00e8re<\/strong> (exemple : fr\u00e9quentes manifestations de mauvaise humeur, col\u00e8re constante ou bagarres r\u00e9p\u00e9t\u00e9es)<\/li>\n\n\n\n<li>Survenue transitoire dans des situations de stress d\u2019une <strong>id\u00e9ation pers\u00e9cutoire <\/strong>ou de <strong>sympt\u00f4mes dissociatifs s\u00e9v\u00e8res<\/strong><\/li>\n<\/ol>\n\n\n\n<hr class=\"wp-block-separator has-alpha-channel-opacity is-style-wide\"\/>\n\n\n\n<div class=\"wp-block-columns is-layout-flex wp-container-5 wp-block-columns-is-layout-flex\">\n<div class=\"wp-block-column is-layout-flow wp-block-column-is-layout-flow\" style=\"flex-basis:100%\">\n<div class=\"wp-block-columns is-layout-flex wp-container-3 wp-block-columns-is-layout-flex\">\n<div class=\"wp-block-column is-layout-flow wp-block-column-is-layout-flow\"><div class=\"wp-block-image\">\n<figure class=\"aligncenter size-full\"><a href=\"https:\/\/www.fnac.com\/a15900067\/Manon-Beaudoin-Faire-face-au-trouble-de-la-personnalite-borderline\"><img decoding=\"async\" loading=\"lazy\" width=\"400\" height=\"582\" src=\"https:\/\/psy-trouble-borderline.fr\/wp-content\/uploads\/2023\/09\/Faire-face-au-trouble-de-la-personnalite-borderline.jpg\" alt=\"\" class=\"wp-image-295\" srcset=\"https:\/\/psy-trouble-borderline.fr\/wp-content\/uploads\/2023\/09\/Faire-face-au-trouble-de-la-personnalite-borderline.jpg 400w, https:\/\/psy-trouble-borderline.fr\/wp-content\/uploads\/2023\/09\/Faire-face-au-trouble-de-la-personnalite-borderline-206x300.jpg 206w\" sizes=\"(max-width: 400px) 85vw, 400px\" \/><\/a><figcaption class=\"wp-element-caption\"><em><a href=\"https:\/\/www.fnac.com\/a15900067\/Manon-Beaudoin-Faire-face-au-trouble-de-la-personnalite-borderline\" target=\"_blank\" rel=\"noreferrer noopener\">Faire face au trouble de la personnalit\u00e9 borderline<\/a><\/em> &#8211; Pierre Nantas et Manon Beaudoin<\/figcaption><\/figure><\/div><\/div>\n\n\n\n<div class=\"wp-block-column is-layout-flow wp-block-column-is-layout-flow\">\n<figure class=\"wp-block-image size-large\"><a href=\"https:\/\/www.editions-ellipses.fr\/accueil\/14579-les-troubles-de-la-personnalite-mieux-comprendre-les-troubles-de-la-personnalite-9782340074576.html\"><img decoding=\"async\" loading=\"lazy\" width=\"707\" height=\"1024\" src=\"https:\/\/psy-trouble-borderline.fr\/wp-content\/uploads\/2023\/09\/les-troubles-de-la-personnalite-mieux-comprendre-les-troubles-de-la-personnalite2x-707x1024.jpg\" alt=\"\" class=\"wp-image-299\" srcset=\"https:\/\/psy-trouble-borderline.fr\/wp-content\/uploads\/2023\/09\/les-troubles-de-la-personnalite-mieux-comprendre-les-troubles-de-la-personnalite2x-707x1024.jpg 707w, https:\/\/psy-trouble-borderline.fr\/wp-content\/uploads\/2023\/09\/les-troubles-de-la-personnalite-mieux-comprendre-les-troubles-de-la-personnalite2x-207x300.jpg 207w, https:\/\/psy-trouble-borderline.fr\/wp-content\/uploads\/2023\/09\/les-troubles-de-la-personnalite-mieux-comprendre-les-troubles-de-la-personnalite2x-768x1112.jpg 768w, https:\/\/psy-trouble-borderline.fr\/wp-content\/uploads\/2023\/09\/les-troubles-de-la-personnalite-mieux-comprendre-les-troubles-de-la-personnalite2x.jpg 800w\" sizes=\"(max-width: 707px) 85vw, 707px\" \/><\/a><figcaption class=\"wp-element-caption\"><em><a href=\"https:\/\/www.editions-ellipses.fr\/accueil\/14579-les-troubles-de-la-personnalite-mieux-comprendre-les-troubles-de-la-personnalite-9782340074576.html\" target=\"_blank\" rel=\"noreferrer noopener\">Les troubles de la personnalit\u00e9, apprendre \u00e0 mieux cohabiter<\/a><\/em> &#8211; Manon Beaudoin et Anaelle Derval<\/figcaption><\/figure>\n<\/div>\n<\/div>\n<\/div>\n<\/div>\n\n\n\n<hr class=\"wp-block-separator has-alpha-channel-opacity is-style-wide\"\/>\n\n\n\n<h2 class=\"wp-block-heading has-text-align-right has-dark-red-color has-text-color\"><strong>T\u00e9moignage<\/strong><\/h2>\n\n\n\n<p class=\"has-dark-red-color has-text-color has-small-font-size\"><strong>Vivre avec un TPB, c&rsquo;est vivre un 360 degr\u00e9s \u00e0 \u00ab\u00a0sensations humaines\u00a0\u00bb<\/strong><br><em><br>\u00ab\u00a0J&rsquo;ai pris \u00e0 vie un coup d&rsquo;amour, de spleen et d&rsquo;id\u00e9al.<br>J&rsquo;ai compris tr\u00e8s jeune que quelque chose \u00e9tait d\u00e9cal\u00e9. Quelque chose d&rsquo;imperceptible et de douloureux en terme de sensibilit\u00e9, que du haut de mes 7 ans \u00e0 peine, j&rsquo;avais du mal \u00e0 identifier.<br>Il \u00e9tait 10h15 lorsque dans la cours de recr\u00e9, un autre \u00e9l\u00e8ve me lan\u00e7a :\u00a0\u00bb t&rsquo;es trop bizarre toi\u00a0\u00bb. C&rsquo;\u00e9tait une douleur inexprimable qui me fit suffoquer. Une envie irr\u00e9m\u00e9diable de dispara\u00eetre et de ne plus exister. Sans m\u00eame le savoir, je rencontrais pour la premi\u00e8re fois ce que mon existence allait me faire porter \u00e0 perp\u00e9tuit\u00e9. Mon manteau de plomb : la honte. Mon ab\u00eeme la plus profonde : la perte de moi au contact de l&rsquo;autre par peur constante d&rsquo;\u00eatre jug\u00e9e et humili\u00e9e.<br><br>Une recherche d&rsquo;adaptation constante \u00e0 ce que j&rsquo;ai cru des ann\u00e9es \u00eatre l\u00e0 \u00ab\u00a0la normalit\u00e9\u00a0\u00bb.<br><br>Bien sur que cet \u00e9v\u00e9nement ne fut pas le seul d\u00e9clencheur de la suite&#8230; Et que la suite n&rsquo;appartient pas totalement \u00e0 la somme des \u00e9cueils rencontr\u00e9s. Mais cet \u00e9v\u00e9nement parle de moi et de ma perception du monde dans sa totalit\u00e9 : une image de moi floue, fluctuante, n\u00e9gative dans laquelle je me suis longtemps condamn\u00e9e.<br><br>C&rsquo;est avant tout oser \u00eatre soi que de se lancer dans un travail personnel. Oser \u00eatre libre que de se d\u00e9finir comme un individu propre au travers de toutes ces complexit\u00e9s. C&rsquo;est oser vivre que de ne plus avoir la terreur de vivre. Parce que chuter, c&rsquo;est inexorablement se relever. Parce que l\u00e0 o\u00f9 certains ne comprendront pas, d&rsquo;autres vous permettront la paix. De toute \u00e9vidence, il est important d&rsquo;\u0153uvrer vers une vie qui vaut la peine d&rsquo;\u00eatre v\u00e9cue, une vie qui a du sens pour soi.\u00a0\u00bb<\/em><\/p>\n\n\n\n<p class=\"has-text-align-right has-dark-red-color has-text-color\">T\u00e9moignage issu de <em>Faire face au trouble de la personnalit\u00e9 borderline<\/em> <br>Manon Beaudoin et Pierre Nantas<\/p>\n\n\n\n<p><br><br><br><br><br><br><br><br><br><\/p>\n","protected":false},"excerpt":{"rendered":"<p>Rendez-vous sur mon nouveau site : psychologue-borderline.fr Le trouble de la personnalit\u00e9 Borderline repr\u00e9sente entre 2 et 4 % de la population g\u00e9n\u00e9rale. C&rsquo;est le trouble de la personnalit\u00e9 le plus fr\u00e9quemment rencontr\u00e9. Il demeure cependant l&rsquo;un des plus complexes \u00e0 diagnostiquer. La pluralit\u00e9 des sympt\u00f4mes et des comorbidit\u00e9s associ\u00e9es (addiction, TDAH, trouble alimentaire, trouble &hellip; <a href=\"https:\/\/psy-trouble-borderline.fr\/index.php\/le-trouble-de-la-personnalite-borderline\/\" class=\"more-link\">Continuer la lecture<span class=\"screen-reader-text\"> de &laquo;&nbsp;Le trouble de la personnalit\u00e9 Borderline&nbsp;&raquo;<\/span><\/a><\/p>\n","protected":false},"author":1,"featured_media":0,"parent":0,"menu_order":0,"comment_status":"closed","ping_status":"closed","template":"","meta":{"footnotes":""},"yoast_head":"<!-- This site is optimized with the Yoast SEO plugin v22.6 - https:\/\/yoast.com\/wordpress\/plugins\/seo\/ -->\n<title>Le trouble de la personnalit\u00e9 Borderline - Manon Beaudoin<\/title>\n<meta name=\"description\" content=\"borderline trouble description sympt\u00f4mes\" \/>\n<meta name=\"robots\" content=\"index, follow, max-snippet:-1, max-image-preview:large, max-video-preview:-1\" \/>\n<link rel=\"canonical\" href=\"https:\/\/psy-trouble-borderline.fr\/index.php\/le-trouble-de-la-personnalite-borderline\/\" \/>\n<meta property=\"og:locale\" content=\"fr_FR\" \/>\n<meta property=\"og:type\" content=\"article\" \/>\n<meta property=\"og:title\" content=\"Le trouble de la personnalit\u00e9 Borderline - Manon Beaudoin\" \/>\n<meta property=\"og:description\" content=\"borderline trouble description sympt\u00f4mes\" \/>\n<meta property=\"og:url\" content=\"https:\/\/psy-trouble-borderline.fr\/index.php\/le-trouble-de-la-personnalite-borderline\/\" \/>\n<meta property=\"og:site_name\" content=\"Manon Beaudoin\" \/>\n<meta property=\"article:modified_time\" content=\"2023-10-11T11:23:36+00:00\" \/>\n<meta property=\"og:image\" content=\"https:\/\/psy-trouble-borderline.fr\/wp-content\/uploads\/2023\/09\/Faire-face-au-trouble-de-la-personnalite-borderline.jpg\" \/>\n<meta name=\"twitter:card\" content=\"summary_large_image\" \/>\n<meta name=\"twitter:label1\" content=\"Dur\u00e9e de lecture estim\u00e9e\" \/>\n\t<meta name=\"twitter:data1\" content=\"4 minutes\" \/>\n<script type=\"application\/ld+json\" class=\"yoast-schema-graph\">{\"@context\":\"https:\/\/schema.org\",\"@graph\":[{\"@type\":\"WebPage\",\"@id\":\"https:\/\/psy-trouble-borderline.fr\/index.php\/le-trouble-de-la-personnalite-borderline\/\",\"url\":\"https:\/\/psy-trouble-borderline.fr\/index.php\/le-trouble-de-la-personnalite-borderline\/\",\"name\":\"Le trouble de la personnalit\u00e9 Borderline - Manon Beaudoin\",\"isPartOf\":{\"@id\":\"https:\/\/psy-trouble-borderline.fr\/#website\"},\"primaryImageOfPage\":{\"@id\":\"https:\/\/psy-trouble-borderline.fr\/index.php\/le-trouble-de-la-personnalite-borderline\/#primaryimage\"},\"image\":{\"@id\":\"https:\/\/psy-trouble-borderline.fr\/index.php\/le-trouble-de-la-personnalite-borderline\/#primaryimage\"},\"thumbnailUrl\":\"https:\/\/psy-trouble-borderline.fr\/wp-content\/uploads\/2023\/09\/Faire-face-au-trouble-de-la-personnalite-borderline.jpg\",\"datePublished\":\"2021-01-15T10:14:40+00:00\",\"dateModified\":\"2023-10-11T11:23:36+00:00\",\"description\":\"borderline trouble description sympt\u00f4mes\",\"breadcrumb\":{\"@id\":\"https:\/\/psy-trouble-borderline.fr\/index.php\/le-trouble-de-la-personnalite-borderline\/#breadcrumb\"},\"inLanguage\":\"fr-FR\",\"potentialAction\":[{\"@type\":\"ReadAction\",\"target\":[\"https:\/\/psy-trouble-borderline.fr\/index.php\/le-trouble-de-la-personnalite-borderline\/\"]}]},{\"@type\":\"ImageObject\",\"inLanguage\":\"fr-FR\",\"@id\":\"https:\/\/psy-trouble-borderline.fr\/index.php\/le-trouble-de-la-personnalite-borderline\/#primaryimage\",\"url\":\"https:\/\/psy-trouble-borderline.fr\/wp-content\/uploads\/2023\/09\/Faire-face-au-trouble-de-la-personnalite-borderline.jpg\",\"contentUrl\":\"https:\/\/psy-trouble-borderline.fr\/wp-content\/uploads\/2023\/09\/Faire-face-au-trouble-de-la-personnalite-borderline.jpg\",\"width\":400,\"height\":582},{\"@type\":\"BreadcrumbList\",\"@id\":\"https:\/\/psy-trouble-borderline.fr\/index.php\/le-trouble-de-la-personnalite-borderline\/#breadcrumb\",\"itemListElement\":[{\"@type\":\"ListItem\",\"position\":1,\"name\":\"Accueil\",\"item\":\"https:\/\/psy-trouble-borderline.fr\/\"},{\"@type\":\"ListItem\",\"position\":2,\"name\":\"Le trouble de la personnalit\u00e9 Borderline\"}]},{\"@type\":\"WebSite\",\"@id\":\"https:\/\/psy-trouble-borderline.fr\/#website\",\"url\":\"https:\/\/psy-trouble-borderline.fr\/\",\"name\":\"Manon Beaudoin\",\"description\":\"Psychologue sp\u00e9cialis\u00e9e dans la prise en charge du trouble de la personnalit\u00e9 Borderline\",\"potentialAction\":[{\"@type\":\"SearchAction\",\"target\":{\"@type\":\"EntryPoint\",\"urlTemplate\":\"https:\/\/psy-trouble-borderline.fr\/?s={search_term_string}\"},\"query-input\":\"required name=search_term_string\"}],\"inLanguage\":\"fr-FR\"}]}<\/script>\n<!-- \/ Yoast SEO plugin. -->","yoast_head_json":{"title":"Le trouble de la personnalit\u00e9 Borderline - Manon Beaudoin","description":"borderline trouble description sympt\u00f4mes","robots":{"index":"index","follow":"follow","max-snippet":"max-snippet:-1","max-image-preview":"max-image-preview:large","max-video-preview":"max-video-preview:-1"},"canonical":"https:\/\/psy-trouble-borderline.fr\/index.php\/le-trouble-de-la-personnalite-borderline\/","og_locale":"fr_FR","og_type":"article","og_title":"Le trouble de la personnalit\u00e9 Borderline - Manon Beaudoin","og_description":"borderline trouble description sympt\u00f4mes","og_url":"https:\/\/psy-trouble-borderline.fr\/index.php\/le-trouble-de-la-personnalite-borderline\/","og_site_name":"Manon Beaudoin","article_modified_time":"2023-10-11T11:23:36+00:00","og_image":[{"url":"https:\/\/psy-trouble-borderline.fr\/wp-content\/uploads\/2023\/09\/Faire-face-au-trouble-de-la-personnalite-borderline.jpg"}],"twitter_card":"summary_large_image","twitter_misc":{"Dur\u00e9e de lecture estim\u00e9e":"4 minutes"},"schema":{"@context":"https:\/\/schema.org","@graph":[{"@type":"WebPage","@id":"https:\/\/psy-trouble-borderline.fr\/index.php\/le-trouble-de-la-personnalite-borderline\/","url":"https:\/\/psy-trouble-borderline.fr\/index.php\/le-trouble-de-la-personnalite-borderline\/","name":"Le trouble de la personnalit\u00e9 Borderline - Manon Beaudoin","isPartOf":{"@id":"https:\/\/psy-trouble-borderline.fr\/#website"},"primaryImageOfPage":{"@id":"https:\/\/psy-trouble-borderline.fr\/index.php\/le-trouble-de-la-personnalite-borderline\/#primaryimage"},"image":{"@id":"https:\/\/psy-trouble-borderline.fr\/index.php\/le-trouble-de-la-personnalite-borderline\/#primaryimage"},"thumbnailUrl":"https:\/\/psy-trouble-borderline.fr\/wp-content\/uploads\/2023\/09\/Faire-face-au-trouble-de-la-personnalite-borderline.jpg","datePublished":"2021-01-15T10:14:40+00:00","dateModified":"2023-10-11T11:23:36+00:00","description":"borderline trouble description sympt\u00f4mes","breadcrumb":{"@id":"https:\/\/psy-trouble-borderline.fr\/index.php\/le-trouble-de-la-personnalite-borderline\/#breadcrumb"},"inLanguage":"fr-FR","potentialAction":[{"@type":"ReadAction","target":["https:\/\/psy-trouble-borderline.fr\/index.php\/le-trouble-de-la-personnalite-borderline\/"]}]},{"@type":"ImageObject","inLanguage":"fr-FR","@id":"https:\/\/psy-trouble-borderline.fr\/index.php\/le-trouble-de-la-personnalite-borderline\/#primaryimage","url":"https:\/\/psy-trouble-borderline.fr\/wp-content\/uploads\/2023\/09\/Faire-face-au-trouble-de-la-personnalite-borderline.jpg","contentUrl":"https:\/\/psy-trouble-borderline.fr\/wp-content\/uploads\/2023\/09\/Faire-face-au-trouble-de-la-personnalite-borderline.jpg","width":400,"height":582},{"@type":"BreadcrumbList","@id":"https:\/\/psy-trouble-borderline.fr\/index.php\/le-trouble-de-la-personnalite-borderline\/#breadcrumb","itemListElement":[{"@type":"ListItem","position":1,"name":"Accueil","item":"https:\/\/psy-trouble-borderline.fr\/"},{"@type":"ListItem","position":2,"name":"Le trouble de la personnalit\u00e9 Borderline"}]},{"@type":"WebSite","@id":"https:\/\/psy-trouble-borderline.fr\/#website","url":"https:\/\/psy-trouble-borderline.fr\/","name":"Manon Beaudoin","description":"Psychologue sp\u00e9cialis\u00e9e dans la prise en charge du trouble de la personnalit\u00e9 Borderline","potentialAction":[{"@type":"SearchAction","target":{"@type":"EntryPoint","urlTemplate":"https:\/\/psy-trouble-borderline.fr\/?s={search_term_string}"},"query-input":"required name=search_term_string"}],"inLanguage":"fr-FR"}]}},"_links":{"self":[{"href":"https:\/\/psy-trouble-borderline.fr\/index.php\/wp-json\/wp\/v2\/pages\/92"}],"collection":[{"href":"https:\/\/psy-trouble-borderline.fr\/index.php\/wp-json\/wp\/v2\/pages"}],"about":[{"href":"https:\/\/psy-trouble-borderline.fr\/index.php\/wp-json\/wp\/v2\/types\/page"}],"author":[{"embeddable":true,"href":"https:\/\/psy-trouble-borderline.fr\/index.php\/wp-json\/wp\/v2\/users\/1"}],"replies":[{"embeddable":true,"href":"https:\/\/psy-trouble-borderline.fr\/index.php\/wp-json\/wp\/v2\/comments?post=92"}],"version-history":[{"count":24,"href":"https:\/\/psy-trouble-borderline.fr\/index.php\/wp-json\/wp\/v2\/pages\/92\/revisions"}],"predecessor-version":[{"id":404,"href":"https:\/\/psy-trouble-borderline.fr\/index.php\/wp-json\/wp\/v2\/pages\/92\/revisions\/404"}],"wp:attachment":[{"href":"https:\/\/psy-trouble-borderline.fr\/index.php\/wp-json\/wp\/v2\/media?parent=92"}],"curies":[{"name":"wp","href":"https:\/\/api.w.org\/{rel}","templated":true}]}}